
{"id":316,"date":"2014-03-04T15:43:07","date_gmt":"2014-03-04T15:43:07","guid":{"rendered":"http:\/\/www.gt3themes.com\/wordpress-themes\/eclipse\/?page_id=316"},"modified":"2016-12-29T11:25:49","modified_gmt":"2016-12-29T09:25:49","slug":"fullwidth-blog","status":"publish","type":"page","link":"https:\/\/www.fotoyener.com\/index.php\/fullwidth-blog\/","title":{"rendered":"Blog"},"content":{"rendered":"<div class='row'><div style='padding-bottom:0px;' class='span12 first-module module_number_1 module_cont  module_blog'>\n\t\t\t\t<div class=\"blog_post_preview\"><div class=\"post_preview_wrapper\"><div class=\"blog_content\">\t\t\t\t\t\t\n\t\t\t\t\t\t\t<div class=\"blogpreview_top\">\n\t\t\t\t\t\t\t\t<h3 class=\"blogpost_title\"><a href=\"https:\/\/www.fotoyener.com\/index.php\/2017\/01\/09\/tsk-akilli-kart-fotograf-cekimi\/\">TSK Ak\u0131ll\u0131 Kart Foto\u011fraf \u00c7ekimi<\/a><\/h3>\n\t\t\t\t\t\t\t\t<div class=\"listing_meta\">\n\t\t\t\t\t\t\t\t\t<span><i class=\"stand_icon icon-calendar-o\"><\/i>Ocak 09, 2017<\/span>\n\t\t\t\t\t\t\t\t\t<span><i class=\"icon-user\"><\/i><a href=\"https:\/\/www.fotoyener.com\/index.php\/author\/admin\/\">admin<\/a><\/span>\t\t\t\t\t\t\t\t\t\n\t\t\t\t\t\t\t\t\t<span><i class=\"icon-folder\"><\/i><a href=\"https:\/\/www.fotoyener.com\/index.php\/category\/blog-icerik\/\">Blog \u0130\u00e7eri\u011fi<\/a><\/span>\n\t\t\t\t\t\t\t\t\t\n\t\t\t\t\t\t\t\t\t<span><i class=\"icon-comments\"><\/i><a href=\"https:\/\/www.fotoyener.com\/index.php\/2017\/01\/09\/tsk-akilli-kart-fotograf-cekimi\/#respond\">0 comments<\/a><\/span>\n\t\t\t\t\t\t\t\t<\/div>\n\t\t\t\t\t\t\t\t<div class=\"likes_icons\">\n\t\t\t                        <div class=\"post-views\"><i class=\"stand_icon icon-eye\"><\/i> <span>31039<\/span><\/div>\n\t\t\t\t\t\t\t\t\t<div class=\"gallery_likes gallery_likes_add \" data-attachid=\"2717\" data-modify=\"like_post\">\n\t\t\t\t\t\t\t\t\t\t<i class=\"stand_icon icon-heart-o\"><\/i>\n\t\t\t\t\t\t\t\t\t\t<span>1<\/span>\n\t\t\t\t\t\t\t\t\t<\/div>\n\n\t\t\t\t\t\t\t\t\t<a target=\"_blank\"\n\t\t\t\t\t\t\t\t\t   href=\"http:\/\/www.facebook.com\/share.php?u=https:\/\/www.fotoyener.com\/index.php\/2017\/01\/09\/tsk-akilli-kart-fotograf-cekimi\/\"\n\t\t\t\t\t\t\t\t\t   class=\"top_socials share_facebook\"><i class=\"stand_icon icon-facebook-square\"><\/i><\/a>\n\t\t\t\t\t\t\t\t\t<a target=\"_blank\"\n\t\t\t\t\t\t\t\t\t   href=\"https:\/\/twitter.com\/intent\/tweet?text=TSK Ak\u0131ll\u0131 Kart Foto\u011fraf \u00c7ekimi&amp;url=https:\/\/www.fotoyener.com\/index.php\/2017\/01\/09\/tsk-akilli-kart-fotograf-cekimi\/\"\n\t\t\t\t\t\t\t\t\t   class=\"top_socials share_tweet\"><i class=\"stand_icon icon-twitter\"><\/i><\/a>\n\t\t\t\t\t\t\t\t\t<a target=\"_blank\" href=\"https:\/\/plus.google.com\/share?url=https:\/\/www.fotoyener.com\/index.php\/2017\/01\/09\/tsk-akilli-kart-fotograf-cekimi\/\"\n\t\t\t\t\t\t\t\t\t   class=\"top_socials share_gplus\"><i class=\"icon-google-plus-square\"><\/i><\/a>\n\t\t\t\t\t\t\t\t\t<a target=\"_blank\"\n\t\t\t\t\t\t\t\t\t   href=\"http:\/\/pinterest.com\/pin\/create\/button\/?url=https:\/\/www.fotoyener.com\/index.php\/2017\/01\/09\/tsk-akilli-kart-fotograf-cekimi\/&media=https:\/\/www.fotoyener.com\/wp-content\/uploads\/2017\/01\/4678-Say\u0131l\u0131-S\u00f6zle\u015fmeli-Subay-ve-Astsubaylar-Kanunu.jpg\"\n\t\t\t\t\t\t\t\t\t   class=\"top_socials share_pinterest\"><i class=\"stand_icon icon-pinterest\"><\/i><\/a>\t\t\t\t\t\t\t\t\t   \n\t\t\t\t\t\t\t\t<\/div>\n\t\t\t\t\t\t\t<\/div><div class=\"pf_output_container\">\n                <div class=\"slider-wrapper theme-default oneImage\">\n                    <div class=\"nivoSlider\">\n            \n                        <img src=\"https:\/\/www.fotoyener.com\/wp-content\/uploads\/2017\/01\/15991714_10154842324193076_1523234842_o-1170x563.jpg\" data-thumb=\"https:\/\/www.fotoyener.com\/wp-content\/uploads\/2017\/01\/15991714_10154842324193076_1523234842_o-1170x563.jpg\" alt=\"\" \/>\n                    \n                    <\/div>\n                <\/div>\n            <\/div><article class=\"contentarea\">\n\t\t\t\t\t\t\t\tTSK Taraf\u0131ndan belirlenmi\u015f olan Ak\u0131ll\u0131 Kart standartlar\u0131 \u00e7er\u00e7evesinde Ak\u0131ll\u0131 Kartlar\u0131n\u0131zda kullanabilece\u011finiz standart&#8217;ta foto\u011fraf \u00e7ekimi yapmaktay\u0131z. Ak\u0131ll\u0131 Kart Standartlar\u0131 Nedir ? Foto\u011fraflar standartlar\u0131 ICAO taraf\u0131ndan belirlenen biyometrik \u00f6zellikte olmal\u0131, 25&#215;32 mm boyutunda, 300 dpi \u00e7\u00f6z\u00fcn\u00fcrl\u00fckte sisteme y\u00fcklenmelidir. Foto\u011frafta leke ve b\u00fck\u00fclmeler olmamal\u0131d\u0131r. Renkler n\u00f6tr olmal\u0131 ve y\u00fcz\u00fcn do\u011fal renklerini yans\u0131tmal\u0131d\u0131r. Foto\u011fraf \u00fczerinde \u00e7ekim st\u00fcdyosuna ait reklam, marka, yaz\u0131, \u015fekil, imza, z\u0131mba, i\u011fne deli\u011fi ve m\u00fch\u00fcr bulunmamal\u0131d\u0131r. <a href=\"https:\/\/www.fotoyener.com\/index.php\/2017\/01\/09\/tsk-akilli-kart-fotograf-cekimi\/\" class=\"gt3_readmore\">Read more<\/a>\n\t\t\t\t\t\t\t<\/article>\n\t\t\t\t\t<\/div>\n\t\t\t\t<\/div><\/div><!--.blog_post_preview -->\n\t\t\t\t<div class=\"blog_post_preview\"><div class=\"post_preview_wrapper\"><div class=\"blog_content\">\t\t\t\t\t\t\n\t\t\t\t\t\t\t<div class=\"blogpreview_top\">\n\t\t\t\t\t\t\t\t<h3 class=\"blogpost_title\"><a href=\"https:\/\/www.fotoyener.com\/index.php\/2016\/12\/30\/yeni-kimlik-kartlari-icin-biyometrik-fotograf-cekimi\/\">Yeni Kimlik Kartlar\u0131 \u0130\u00e7in Foto\u011fraf \u00c7ekimi<\/a><\/h3>\n\t\t\t\t\t\t\t\t<div class=\"listing_meta\">\n\t\t\t\t\t\t\t\t\t<span><i class=\"stand_icon icon-calendar-o\"><\/i>Aral\u0131k 30, 2016<\/span>\n\t\t\t\t\t\t\t\t\t<span><i class=\"icon-user\"><\/i><a href=\"https:\/\/www.fotoyener.com\/index.php\/author\/admin\/\">admin<\/a><\/span>\t\t\t\t\t\t\t\t\t\n\t\t\t\t\t\t\t\t\t<span><i class=\"icon-folder\"><\/i><a href=\"https:\/\/www.fotoyener.com\/index.php\/category\/blog-icerik\/\">Blog \u0130\u00e7eri\u011fi<\/a><\/span>\n\t\t\t\t\t\t\t\t\t\n\t\t\t\t\t\t\t\t\t<span><i class=\"icon-comments\"><\/i><a href=\"https:\/\/www.fotoyener.com\/index.php\/2016\/12\/30\/yeni-kimlik-kartlari-icin-biyometrik-fotograf-cekimi\/#respond\">0 comments<\/a><\/span>\n\t\t\t\t\t\t\t\t<\/div>\n\t\t\t\t\t\t\t\t<div class=\"likes_icons\">\n\t\t\t                        <div class=\"post-views\"><i class=\"stand_icon icon-eye\"><\/i> <span>4739<\/span><\/div>\n\t\t\t\t\t\t\t\t\t<div class=\"gallery_likes gallery_likes_add \" data-attachid=\"2671\" data-modify=\"like_post\">\n\t\t\t\t\t\t\t\t\t\t<i class=\"stand_icon icon-heart-o\"><\/i>\n\t\t\t\t\t\t\t\t\t\t<span>10<\/span>\n\t\t\t\t\t\t\t\t\t<\/div>\n\n\t\t\t\t\t\t\t\t\t<a target=\"_blank\"\n\t\t\t\t\t\t\t\t\t   href=\"http:\/\/www.facebook.com\/share.php?u=https:\/\/www.fotoyener.com\/index.php\/2016\/12\/30\/yeni-kimlik-kartlari-icin-biyometrik-fotograf-cekimi\/\"\n\t\t\t\t\t\t\t\t\t   class=\"top_socials share_facebook\"><i class=\"stand_icon icon-facebook-square\"><\/i><\/a>\n\t\t\t\t\t\t\t\t\t<a target=\"_blank\"\n\t\t\t\t\t\t\t\t\t   href=\"https:\/\/twitter.com\/intent\/tweet?text=Yeni Kimlik Kartlar\u0131 \u0130\u00e7in Foto\u011fraf \u00c7ekimi&amp;url=https:\/\/www.fotoyener.com\/index.php\/2016\/12\/30\/yeni-kimlik-kartlari-icin-biyometrik-fotograf-cekimi\/\"\n\t\t\t\t\t\t\t\t\t   class=\"top_socials share_tweet\"><i class=\"stand_icon icon-twitter\"><\/i><\/a>\n\t\t\t\t\t\t\t\t\t<a target=\"_blank\" href=\"https:\/\/plus.google.com\/share?url=https:\/\/www.fotoyener.com\/index.php\/2016\/12\/30\/yeni-kimlik-kartlari-icin-biyometrik-fotograf-cekimi\/\"\n\t\t\t\t\t\t\t\t\t   class=\"top_socials share_gplus\"><i class=\"icon-google-plus-square\"><\/i><\/a>\n\t\t\t\t\t\t\t\t\t<a target=\"_blank\"\n\t\t\t\t\t\t\t\t\t   href=\"http:\/\/pinterest.com\/pin\/create\/button\/?url=https:\/\/www.fotoyener.com\/index.php\/2016\/12\/30\/yeni-kimlik-kartlari-icin-biyometrik-fotograf-cekimi\/&media=https:\/\/www.fotoyener.com\/wp-content\/uploads\/2016\/12\/fn6.jpg\"\n\t\t\t\t\t\t\t\t\t   class=\"top_socials share_pinterest\"><i class=\"stand_icon icon-pinterest\"><\/i><\/a>\t\t\t\t\t\t\t\t\t   \n\t\t\t\t\t\t\t\t<\/div>\n\t\t\t\t\t\t\t<\/div><div class=\"pf_output_container\">\n                <div class=\"slider-wrapper theme-default oneImage\">\n                    <div class=\"nivoSlider\">\n            \n                        <img src=\"https:\/\/www.fotoyener.com\/wp-content\/uploads\/2016\/12\/yeni-kimlik-kartlari-2015-sonuna-kadar-hazir-6440594-4226-ojpg-1170x563.jpg\" data-thumb=\"https:\/\/www.fotoyener.com\/wp-content\/uploads\/2016\/12\/yeni-kimlik-kartlari-2015-sonuna-kadar-hazir-6440594-4226-ojpg-1170x563.jpg\" alt=\"\" \/>\n                    \n                    <\/div>\n                <\/div>\n            <\/div><article class=\"contentarea\">\n\t\t\t\t\t\t\t\tYeni Kimlik Kart\u0131 T.C Kimlik kartlar\u0131 yeni kimliklerimiz 2017 y\u0131l\u0131 ocak ay\u0131nda da\u011f\u0131t\u0131lmaya ba\u015flan\u0131lacakt\u0131r. Mevcut n\u00fcfus c\u00fczdanlar\u0131n\u0131n yerine kullan\u0131lacak yeni kimlik kartlar\u0131, 10 y\u0131ll\u0131k kullan\u0131m \u00f6mr\u00fcne sahiptir. Polikarbon materyalden olu\u015fan, temasl\u0131-temass\u0131z yonga i\u00e7eren ve uluslararas\u0131 standartlara uygun, en geli\u015fmi\u015f g\u00fcvenlik \u00f6\u011felerini i\u00e7inde bar\u0131nd\u0131ran kimlik kartlar\u0131, vatanda\u015fa ait n\u00fcfus, foto\u011fraf ve biyometrik verilerin, \u00fczerindeki temasl\u0131 yongaya g\u00fcvenli bir \u015fekilde kaydedilmesinden sonra, yetkisiz kimseler taraf\u0131ndan i\u00e7indeki verilerin yeniden \u00fcretilmesini ya da de\u011fi\u015ftirilmesini olanaks\u0131z hale getirecek \u015fekilde tasarlanm\u0131\u015ft\u0131r. Kimlik kart\u0131 ile sa\u011flanan hizmetlerde, hizmetin \u00f6zelli\u011fine g\u00f6re g\u00f6rsel, elektronik ve biyometrik olmak \u00fczere farkl\u0131 g\u00fcvenlik seviyelerinde kimlik do\u011frulama y\u00f6ntemleri kullan\u0131lacakt\u0131r. Bu sayede farkl\u0131 kurum ve kurulu\u015flar\u0131n g\u00fcvenli kimlik do\u011frulamas\u0131 yapmas\u0131na imkan sa\u011flanacakt\u0131r. Proje ile: \u2022 Kimlik kart\u0131 ile g\u00fcvenli kimlik do\u011frulamas\u0131 yap\u0131labilecektir, \u2022 Sahtecilikten kaynaklanan vatanda\u015f ma\u011fduriyeti \u00f6nlenecektir, \u2022 E-Devlet kapsam\u0131nda sunulan hizmetlere internetin bulundu\u011fu her yerden (ev, i\u015f yeri vb.) kimlik kart\u0131 ile eri\u015filebilecektir, \u2022 Kimlik kart\u0131, vize muafiyeti olan \u00fclkelere yap\u0131lacak seyahatlerde pasaport yerine seyahat belgesi olarak kullan\u0131labilecektir, \u2022 Kimlik Kart\u0131, elektronik imza olarak da kullan\u0131labilecektir. \u2022 Kimlik kart\u0131, kamu kurumlar\u0131n\u0131n vatanda\u015fa y\u00f6nelik sunacaklar\u0131 hizmetlerde elektronik i\u015f s\u00fcre\u00e7lerini destekleyerek b\u00fcrokrasiyi azaltacakt\u0131r, \u2022 Yetersiz ki\u015fi do\u011frulamas\u0131ndan kaynaklanan usuls\u00fczl\u00fck, yolsuzluk ve mali kay\u0131plar (sosyal g\u00fcvenlik, sa\u011fl\u0131k, sigorta, bankac\u0131l\u0131k vb.) asgariye inecektir. \u00e7a\u011fr\u0131 merkezini arayabilirsiniz. [&hellip;] <a href=\"https:\/\/www.fotoyener.com\/index.php\/2016\/12\/30\/yeni-kimlik-kartlari-icin-biyometrik-fotograf-cekimi\/\" class=\"gt3_readmore\">Read more<\/a>\n\t\t\t\t\t\t\t<\/article>\n\t\t\t\t\t<\/div>\n\t\t\t\t<\/div><\/div><!--.blog_post_preview -->\n\t\t\t\t<div class=\"blog_post_preview\"><div class=\"post_preview_wrapper\"><div class=\"blog_content\">\t\t\t\t\t\t\n\t\t\t\t\t\t\t<div class=\"blogpreview_top\">\n\t\t\t\t\t\t\t\t<h3 class=\"blogpost_title\"><a href=\"https:\/\/www.fotoyener.com\/index.php\/2016\/12\/30\/yeni-ehliyetler-icin-biyometik-fotograf-cekimi\/\">Yeni Ehliyetler \u0130\u00e7in Biyometik Foto\u011fraf \u00c7ekimi<\/a><\/h3>\n\t\t\t\t\t\t\t\t<div class=\"listing_meta\">\n\t\t\t\t\t\t\t\t\t<span><i class=\"stand_icon icon-calendar-o\"><\/i>Aral\u0131k 30, 2016<\/span>\n\t\t\t\t\t\t\t\t\t<span><i class=\"icon-user\"><\/i><a href=\"https:\/\/www.fotoyener.com\/index.php\/author\/admin\/\">admin<\/a><\/span>\t\t\t\t\t\t\t\t\t\n\t\t\t\t\t\t\t\t\t<span><i class=\"icon-folder\"><\/i><a href=\"https:\/\/www.fotoyener.com\/index.php\/category\/blog-icerik\/\">Blog \u0130\u00e7eri\u011fi<\/a><\/span>\n\t\t\t\t\t\t\t\t\t\n\t\t\t\t\t\t\t\t\t<span><i class=\"icon-comments\"><\/i><a href=\"https:\/\/www.fotoyener.com\/index.php\/2016\/12\/30\/yeni-ehliyetler-icin-biyometik-fotograf-cekimi\/#respond\">0 comments<\/a><\/span>\n\t\t\t\t\t\t\t\t<\/div>\n\t\t\t\t\t\t\t\t<div class=\"likes_icons\">\n\t\t\t                        <div class=\"post-views\"><i class=\"stand_icon icon-eye\"><\/i> <span>2845<\/span><\/div>\n\t\t\t\t\t\t\t\t\t<div class=\"gallery_likes gallery_likes_add \" data-attachid=\"2668\" data-modify=\"like_post\">\n\t\t\t\t\t\t\t\t\t\t<i class=\"stand_icon icon-heart-o\"><\/i>\n\t\t\t\t\t\t\t\t\t\t<span>8<\/span>\n\t\t\t\t\t\t\t\t\t<\/div>\n\n\t\t\t\t\t\t\t\t\t<a target=\"_blank\"\n\t\t\t\t\t\t\t\t\t   href=\"http:\/\/www.facebook.com\/share.php?u=https:\/\/www.fotoyener.com\/index.php\/2016\/12\/30\/yeni-ehliyetler-icin-biyometik-fotograf-cekimi\/\"\n\t\t\t\t\t\t\t\t\t   class=\"top_socials share_facebook\"><i class=\"stand_icon icon-facebook-square\"><\/i><\/a>\n\t\t\t\t\t\t\t\t\t<a target=\"_blank\"\n\t\t\t\t\t\t\t\t\t   href=\"https:\/\/twitter.com\/intent\/tweet?text=Yeni Ehliyetler \u0130\u00e7in Biyometik Foto\u011fraf \u00c7ekimi&amp;url=https:\/\/www.fotoyener.com\/index.php\/2016\/12\/30\/yeni-ehliyetler-icin-biyometik-fotograf-cekimi\/\"\n\t\t\t\t\t\t\t\t\t   class=\"top_socials share_tweet\"><i class=\"stand_icon icon-twitter\"><\/i><\/a>\n\t\t\t\t\t\t\t\t\t<a target=\"_blank\" href=\"https:\/\/plus.google.com\/share?url=https:\/\/www.fotoyener.com\/index.php\/2016\/12\/30\/yeni-ehliyetler-icin-biyometik-fotograf-cekimi\/\"\n\t\t\t\t\t\t\t\t\t   class=\"top_socials share_gplus\"><i class=\"icon-google-plus-square\"><\/i><\/a>\n\t\t\t\t\t\t\t\t\t<a target=\"_blank\"\n\t\t\t\t\t\t\t\t\t   href=\"http:\/\/pinterest.com\/pin\/create\/button\/?url=https:\/\/www.fotoyener.com\/index.php\/2016\/12\/30\/yeni-ehliyetler-icin-biyometik-fotograf-cekimi\/&media=https:\/\/www.fotoyener.com\/wp-content\/uploads\/2016\/12\/1_5310.jpg\"\n\t\t\t\t\t\t\t\t\t   class=\"top_socials share_pinterest\"><i class=\"stand_icon icon-pinterest\"><\/i><\/a>\t\t\t\t\t\t\t\t\t   \n\t\t\t\t\t\t\t\t<\/div>\n\t\t\t\t\t\t\t<\/div><div class=\"pf_output_container\">\n                <div class=\"slider-wrapper theme-default oneImage\">\n                    <div class=\"nivoSlider\">\n            \n                        <img src=\"https:\/\/www.fotoyener.com\/wp-content\/uploads\/2016\/12\/1_5310-1170x563.jpg\" data-thumb=\"https:\/\/www.fotoyener.com\/wp-content\/uploads\/2016\/12\/1_5310-1170x563.jpg\" alt=\"\" \/>\n                    \n                    <\/div>\n                <\/div>\n            <\/div><article class=\"contentarea\">\n\t\t\t\t\t\t\t\tYeni Ehliyetler Ocak 2016 y\u0131l\u0131 itibari ile yeni ehliyetler verilmeye ba\u015fland\u0131 yeni ehliyetler art\u0131k pasaport foto\u011fraflar\u0131 ile ayn\u0131 biyometrik foto\u011fraf istiyorlar boyutlar\u0131 50mmx60mm yada 5cmx6cm boyut ve \u00f6l\u00e7\u00fcdedir. Dikkat edilmesi gerekenler; Arka fon beyaz olaca\u011f\u0131ndan k\u0131yafetiniz beyaz renkte olamamal\u0131d\u0131r. Ba\u015f\u00f6rt\u00fcl\u00fc iseniz ba\u015f\u00f6rt\u00fcn\u00fcz beyaz renkte olamamal\u0131, ka\u015flar\u0131n\u0131z ve \u00e7ene k\u0131sm\u0131n\u0131z kapanmayacak bir \u015fekilde olacakt\u0131r. E\u011fer sa\u00e7\u0131n\u0131z a\u00e7\u0131k ise iki kulak a\u00e7\u0131k olmal\u0131 d\u00fcz cepheden iki kulak g\u00f6z\u00fckmelidir. kolye, k\u00fcpe, piercing gibi aksesuarlar olamamal\u0131d\u0131r. Foto\u011fraf \u00e7ekilirken g\u00fcl\u00fcmseme yani y\u00fcz mimikleri olamamal\u0131d\u0131r. Foto\u011fraf \u00f6zellikleri; bayanlar ve baylarda al\u0131n ile \u00e7ene k\u0131sm\u0131 aras\u0131 uzunluk 32mm\u00a0\u2013 36mm olmal\u0131d\u0131r. <a href=\"https:\/\/www.fotoyener.com\/index.php\/2016\/12\/30\/yeni-ehliyetler-icin-biyometik-fotograf-cekimi\/\" class=\"gt3_readmore\">Read more<\/a>\n\t\t\t\t\t\t\t<\/article>\n\t\t\t\t\t<\/div>\n\t\t\t\t<\/div><\/div><!--.blog_post_preview -->\n\t\t\t\t<div class=\"blog_post_preview\"><div class=\"post_preview_wrapper\"><div class=\"blog_content\">\t\t\t\t\t\t\n\t\t\t\t\t\t\t<div class=\"blogpreview_top\">\n\t\t\t\t\t\t\t\t<h3 class=\"blogpost_title\"><a href=\"https:\/\/www.fotoyener.com\/index.php\/2016\/12\/30\/schengen-ve-normal-vize-icin-fotograf-cekimi\/\">Schengen ve Normal Vize \u0130\u00e7in Foto\u011fraf \u00c7ekimi<\/a><\/h3>\n\t\t\t\t\t\t\t\t<div class=\"listing_meta\">\n\t\t\t\t\t\t\t\t\t<span><i class=\"stand_icon icon-calendar-o\"><\/i>Aral\u0131k 30, 2016<\/span>\n\t\t\t\t\t\t\t\t\t<span><i class=\"icon-user\"><\/i><a href=\"https:\/\/www.fotoyener.com\/index.php\/author\/admin\/\">admin<\/a><\/span>\t\t\t\t\t\t\t\t\t\n\t\t\t\t\t\t\t\t\t<span><i class=\"icon-folder\"><\/i><a href=\"https:\/\/www.fotoyener.com\/index.php\/category\/blog-icerik\/\">Blog \u0130\u00e7eri\u011fi<\/a><\/span>\n\t\t\t\t\t\t\t\t\t\n\t\t\t\t\t\t\t\t\t<span><i class=\"icon-comments\"><\/i><a href=\"https:\/\/www.fotoyener.com\/index.php\/2016\/12\/30\/schengen-ve-normal-vize-icin-fotograf-cekimi\/#respond\">0 comments<\/a><\/span>\n\t\t\t\t\t\t\t\t<\/div>\n\t\t\t\t\t\t\t\t<div class=\"likes_icons\">\n\t\t\t                        <div class=\"post-views\"><i class=\"stand_icon icon-eye\"><\/i> <span>2515<\/span><\/div>\n\t\t\t\t\t\t\t\t\t<div class=\"gallery_likes gallery_likes_add \" data-attachid=\"2664\" data-modify=\"like_post\">\n\t\t\t\t\t\t\t\t\t\t<i class=\"stand_icon icon-heart-o\"><\/i>\n\t\t\t\t\t\t\t\t\t\t<span>6<\/span>\n\t\t\t\t\t\t\t\t\t<\/div>\n\n\t\t\t\t\t\t\t\t\t<a target=\"_blank\"\n\t\t\t\t\t\t\t\t\t   href=\"http:\/\/www.facebook.com\/share.php?u=https:\/\/www.fotoyener.com\/index.php\/2016\/12\/30\/schengen-ve-normal-vize-icin-fotograf-cekimi\/\"\n\t\t\t\t\t\t\t\t\t   class=\"top_socials share_facebook\"><i class=\"stand_icon icon-facebook-square\"><\/i><\/a>\n\t\t\t\t\t\t\t\t\t<a target=\"_blank\"\n\t\t\t\t\t\t\t\t\t   href=\"https:\/\/twitter.com\/intent\/tweet?text=Schengen ve Normal Vize \u0130\u00e7in Foto\u011fraf \u00c7ekimi&amp;url=https:\/\/www.fotoyener.com\/index.php\/2016\/12\/30\/schengen-ve-normal-vize-icin-fotograf-cekimi\/\"\n\t\t\t\t\t\t\t\t\t   class=\"top_socials share_tweet\"><i class=\"stand_icon icon-twitter\"><\/i><\/a>\n\t\t\t\t\t\t\t\t\t<a target=\"_blank\" href=\"https:\/\/plus.google.com\/share?url=https:\/\/www.fotoyener.com\/index.php\/2016\/12\/30\/schengen-ve-normal-vize-icin-fotograf-cekimi\/\"\n\t\t\t\t\t\t\t\t\t   class=\"top_socials share_gplus\"><i class=\"icon-google-plus-square\"><\/i><\/a>\n\t\t\t\t\t\t\t\t\t<a target=\"_blank\"\n\t\t\t\t\t\t\t\t\t   href=\"http:\/\/pinterest.com\/pin\/create\/button\/?url=https:\/\/www.fotoyener.com\/index.php\/2016\/12\/30\/schengen-ve-normal-vize-icin-fotograf-cekimi\/&media=https:\/\/www.fotoyener.com\/wp-content\/uploads\/2016\/12\/yytew.jpg\"\n\t\t\t\t\t\t\t\t\t   class=\"top_socials share_pinterest\"><i class=\"stand_icon icon-pinterest\"><\/i><\/a>\t\t\t\t\t\t\t\t\t   \n\t\t\t\t\t\t\t\t<\/div>\n\t\t\t\t\t\t\t<\/div><div class=\"pf_output_container\">\n                <div class=\"slider-wrapper theme-default oneImage\">\n                    <div class=\"nivoSlider\">\n            \n                        <img src=\"https:\/\/www.fotoyener.com\/wp-content\/uploads\/2016\/12\/yytew-1170x563.jpg\" data-thumb=\"https:\/\/www.fotoyener.com\/wp-content\/uploads\/2016\/12\/yytew-1170x563.jpg\" alt=\"\" \/>\n                    \n                    <\/div>\n                <\/div>\n            <\/div><article class=\"contentarea\">\n\t\t\t\t\t\t\t\tSchengen \u00fclkeleri ve schengen olmayan \u00fclkeler yani t\u00fcm d\u00fcnya \u00fclkeleri vize foto\u011fraflar\u0131 birbirinden ayr\u0131 ebatlarda foto\u011fraf istiyorlar ve birbirlerinin biyometrik yada biyometrik olmayan foto\u011fraflar\u0131n\u0131 kabul etmiyorlar o y\u00fczden hepsinin ebatlar\u0131 farkl\u0131d\u0131r ebatlar\u0131 tutsa dahi kafa oranlar\u0131 farkl\u0131 isteyebiliyorlar. A\u015fa\u011f\u0131daki B\u00fct\u00fcn b\u00fcy\u00fck el\u00e7iliklerin \u015fablonlar\u0131 \u00a0firmam\u0131zda mevcut ve g\u00fcncel olarak takip etmekteyiz ve do\u011fru ebatlarda do\u011fru haz\u0131rlamaktay\u0131z. Amerika Konsoloslu\u011fu Hollanda konsoloslu\u011fu Almanya Konsoloslu\u011fu \u0130ngiltere Konsoloslu\u011fu \u0130talya Konsoloslu\u011fu Fransa Konsoloslu\u011fu Yunanistan Konsoloslu\u011fu Kanada Konsoloslu\u011fu \u00c7ek Cumhuriyeti Konsoloslu\u011fu \u0130spanya Konsoloslu\u011fu Rusya Konsoloslu\u011fu Ukrayna Konsoloslu\u011fu Danimarka Konsoloslu\u011fu Avusturya Konsoloslu\u011fu Avusturalya Konsoloslu\u011fu Bel\u00e7ika Konsoloslu\u011fu \u00c7in Konsoloslu\u011fu Tayland Konsoloslu\u011fu Dubai Konsoloslu\u011fu Hindistan Konsoloslu\u011fu Macaristan Konsoloslu\u011fu Norve\u00e7 Konsoloslu\u011fu \u0130svi\u00e7re Konsoloslu\u011fu Polonya Konsoloslu\u011fu Singapur Konsoloslu\u011fu M\u0131s\u0131r Konsoloslu\u011fu H\u0131rvatistan Konsoloslu\u011fu Bulgaristan Konsoloslu\u011fu Tunus Konsoloslu\u011fu Pakistan Konsoloslu\u011fu \u0130sve\u00e7 Konsoloslu\u011fu yeni Zelanda Konsoloslu\u011fu Dominik cumhuriyeti Konsoloslu\u011fu \u0130rlanda Konsoloslu\u011fu Finlandiya Konsoloslu\u011fu Arabistan Konsoloslu\u011fu G\u00fcrcistan Konsoloslu\u011fu Romanya Konsoloslu\u011fu Libya Konsoloslu\u011fu Moldovya Konsoloslu\u011fu Meksika Konsoloslu\u011fu Singapur Konsoloslu\u011fu Azerbeycan Konsoloslu\u011fu Letonya Konsoloslu\u011fu Kazakistan Konsoloslu\u011fu Portekiz Konsoloslu\u011fu \u00d6zbekistan Konsoloslu\u011fu K\u0131rg\u0131siztan Konsoloslu\u011fu T\u00fcrkmenistan Konsoloslu\u011fu Bangladesh Konsoloslu\u011fu Slovenya Konsoloslu\u011fu \u0130srail Konsoloslu\u011fu Litvanya Konsoloslu\u011fu \u0130ran Konsoloslu\u011fu Irak Konsoloslu\u011fu Estonya Konsoloslu\u011fu Birle\u015fik arap emirlikleri Konsoloslu\u011fu Filistin Konsoloslu\u011fu S\u0131rbistan Konsoloslu\u011fu Nijer Konsoloslu\u011fu Nijerya Konsoloslu\u011fu Malta Konsoloslu\u011fu Afganistan Konsoloslu\u011fu L\u00fcksemburg Konsoloslu\u011fu Yemen Konsoloslu\u011fu Katar Konsoloslu\u011fu <a href=\"https:\/\/www.fotoyener.com\/index.php\/2016\/12\/30\/schengen-ve-normal-vize-icin-fotograf-cekimi\/\" class=\"gt3_readmore\">Read more<\/a>\n\t\t\t\t\t\t\t<\/article>\n\t\t\t\t\t<\/div>\n\t\t\t\t<\/div><\/div><!--.blog_post_preview -->\n\t\t\t\t<div class=\"blog_post_preview\"><div class=\"post_preview_wrapper\"><div class=\"blog_content\">\t\t\t\t\t\t\n\t\t\t\t\t\t\t<div class=\"blogpreview_top\">\n\t\t\t\t\t\t\t\t<h3 class=\"blogpost_title\"><a href=\"https:\/\/www.fotoyener.com\/index.php\/2016\/12\/30\/cankaya-nobetci-fotografci\/\">\u00c7ankaya N\u00f6bet\u00e7i Foto\u011fraf\u00e7\u0131<\/a><\/h3>\n\t\t\t\t\t\t\t\t<div class=\"listing_meta\">\n\t\t\t\t\t\t\t\t\t<span><i class=\"stand_icon icon-calendar-o\"><\/i>Aral\u0131k 30, 2016<\/span>\n\t\t\t\t\t\t\t\t\t<span><i class=\"icon-user\"><\/i><a href=\"https:\/\/www.fotoyener.com\/index.php\/author\/admin\/\">admin<\/a><\/span>\t\t\t\t\t\t\t\t\t\n\t\t\t\t\t\t\t\t\t<span><i class=\"icon-folder\"><\/i><a href=\"https:\/\/www.fotoyener.com\/index.php\/category\/blog-icerik\/\">Blog \u0130\u00e7eri\u011fi<\/a><\/span>\n\t\t\t\t\t\t\t\t\t\n\t\t\t\t\t\t\t\t\t<span><i class=\"icon-comments\"><\/i><a href=\"https:\/\/www.fotoyener.com\/index.php\/2016\/12\/30\/cankaya-nobetci-fotografci\/#respond\">0 comments<\/a><\/span>\n\t\t\t\t\t\t\t\t<\/div>\n\t\t\t\t\t\t\t\t<div class=\"likes_icons\">\n\t\t\t                        <div class=\"post-views\"><i class=\"stand_icon icon-eye\"><\/i> <span>4084<\/span><\/div>\n\t\t\t\t\t\t\t\t\t<div class=\"gallery_likes gallery_likes_add \" data-attachid=\"2662\" data-modify=\"like_post\">\n\t\t\t\t\t\t\t\t\t\t<i class=\"stand_icon icon-heart-o\"><\/i>\n\t\t\t\t\t\t\t\t\t\t<span>6<\/span>\n\t\t\t\t\t\t\t\t\t<\/div>\n\n\t\t\t\t\t\t\t\t\t<a target=\"_blank\"\n\t\t\t\t\t\t\t\t\t   href=\"http:\/\/www.facebook.com\/share.php?u=https:\/\/www.fotoyener.com\/index.php\/2016\/12\/30\/cankaya-nobetci-fotografci\/\"\n\t\t\t\t\t\t\t\t\t   class=\"top_socials share_facebook\"><i class=\"stand_icon icon-facebook-square\"><\/i><\/a>\n\t\t\t\t\t\t\t\t\t<a target=\"_blank\"\n\t\t\t\t\t\t\t\t\t   href=\"https:\/\/twitter.com\/intent\/tweet?text=\u00c7ankaya N\u00f6bet\u00e7i Foto\u011fraf\u00e7\u0131&amp;url=https:\/\/www.fotoyener.com\/index.php\/2016\/12\/30\/cankaya-nobetci-fotografci\/\"\n\t\t\t\t\t\t\t\t\t   class=\"top_socials share_tweet\"><i class=\"stand_icon icon-twitter\"><\/i><\/a>\n\t\t\t\t\t\t\t\t\t<a target=\"_blank\" href=\"https:\/\/plus.google.com\/share?url=https:\/\/www.fotoyener.com\/index.php\/2016\/12\/30\/cankaya-nobetci-fotografci\/\"\n\t\t\t\t\t\t\t\t\t   class=\"top_socials share_gplus\"><i class=\"icon-google-plus-square\"><\/i><\/a>\n\t\t\t\t\t\t\t\t\t<a target=\"_blank\"\n\t\t\t\t\t\t\t\t\t   href=\"http:\/\/pinterest.com\/pin\/create\/button\/?url=https:\/\/www.fotoyener.com\/index.php\/2016\/12\/30\/cankaya-nobetci-fotografci\/&media=https:\/\/www.fotoyener.com\/wp-content\/uploads\/2016\/12\/fn7.jpg\"\n\t\t\t\t\t\t\t\t\t   class=\"top_socials share_pinterest\"><i class=\"stand_icon icon-pinterest\"><\/i><\/a>\t\t\t\t\t\t\t\t\t   \n\t\t\t\t\t\t\t\t<\/div>\n\t\t\t\t\t\t\t<\/div><div class=\"pf_output_container\">\n                <div class=\"slider-wrapper theme-default oneImage\">\n                    <div class=\"nivoSlider\">\n            \n                        <img src=\"https:\/\/www.fotoyener.com\/wp-content\/uploads\/2014\/03\/1451606400-9d2767ac51bbe36e8ae840c5abfd7e9c-1170x563.jpg\" data-thumb=\"https:\/\/www.fotoyener.com\/wp-content\/uploads\/2014\/03\/1451606400-9d2767ac51bbe36e8ae840c5abfd7e9c-1170x563.jpg\" alt=\"\" \/>\n                    \n                    <\/div>\n                <\/div>\n            <\/div><article class=\"contentarea\">\n\t\t\t\t\t\t\t\tN\u00f6bet\u00e7i foto\u011fraf\u00e7\u0131 Ankara \u00c7ankaya Turan G\u00fcne\u015f Bulvar\u0131 \u00fczerinde bulunan foto\u011fraf st\u00fcdyomuz da hafta i\u00e7i ve hafta sonu da dahil olmak \u00fczere gece 00:00 \u2013 01:00 saatlerine kadar a\u00e7\u0131k olarak hizmet vermekteyiz. <a href=\"https:\/\/www.fotoyener.com\/index.php\/2016\/12\/30\/cankaya-nobetci-fotografci\/\" class=\"gt3_readmore\">Read more<\/a>\n\t\t\t\t\t\t\t<\/article>\n\t\t\t\t\t<\/div>\n\t\t\t\t<\/div><\/div><!--.blog_post_preview --><ul class=\"pagerblock\"><li><a href='https:\/\/www.fotoyener.com\/index.php\/wp-json\/wp\/v2\/pages\/316' class='current'>1<\/a><\/li><li><a href='https:\/\/www.fotoyener.com\/index.php\/wp-json\/wp\/v2\/pages\/316\/page\/2\/'>2<\/a><\/li><\/ul><\/div><!-- .module_cont --><\/div>","protected":false},"excerpt":{"rendered":"","protected":false},"author":1,"featured_media":0,"parent":0,"menu_order":0,"comment_status":"open","ping_status":"open","template":"page-blog-fullscreen.php","meta":[],"_links":{"self":[{"href":"https:\/\/www.fotoyener.com\/index.php\/wp-json\/wp\/v2\/pages\/316"}],"collection":[{"href":"https:\/\/www.fotoyener.com\/index.php\/wp-json\/wp\/v2\/pages"}],"about":[{"href":"https:\/\/www.fotoyener.com\/index.php\/wp-json\/wp\/v2\/types\/page"}],"author":[{"embeddable":true,"href":"https:\/\/www.fotoyener.com\/index.php\/wp-json\/wp\/v2\/users\/1"}],"replies":[{"embeddable":true,"href":"https:\/\/www.fotoyener.com\/index.php\/wp-json\/wp\/v2\/comments?post=316"}],"version-history":[{"count":1,"href":"https:\/\/www.fotoyener.com\/index.php\/wp-json\/wp\/v2\/pages\/316\/revisions"}],"predecessor-version":[{"id":2644,"href":"https:\/\/www.fotoyener.com\/index.php\/wp-json\/wp\/v2\/pages\/316\/revisions\/2644"}],"wp:attachment":[{"href":"https:\/\/www.fotoyener.com\/index.php\/wp-json\/wp\/v2\/media?parent=316"}],"curies":[{"name":"wp","href":"https:\/\/api.w.org\/{rel}","templated":true}]}}